{"id":582,"date":"2024-06-14T14:01:28","date_gmt":"2024-06-14T12:01:28","guid":{"rendered":"https:\/\/le-moulin-de-boulede.com\/?page_id=582"},"modified":"2024-06-14T14:03:13","modified_gmt":"2024-06-14T12:03:13","slug":"levenementiel","status":"publish","type":"page","link":"https:\/\/le-moulin-de-boulede.com\/index.php\/levenementiel\/","title":{"rendered":"L&rsquo;\u00e9v\u00e9nementiel"},"content":{"rendered":"\t\t<div data-elementor-type=\"wp-page\" data-elementor-id=\"582\" class=\"elementor elementor-582\">\n\t\t\t\t\t\t<section class=\"elementor-section elementor-top-section elementor-element elementor-element-dfac160 elementor-section-boxed elementor-section-height-default elementor-section-height-default\" data-id=\"dfac160\" data-element_type=\"section\" data-e-type=\"section\">\n\t\t\t\t\t\t<div class=\"elementor-container elementor-column-gap-default\">\n\t\t\t\t\t<div class=\"elementor-column elementor-col-100 elementor-top-column elementor-element elementor-element-2671e31\" data-id=\"2671e31\" data-element_type=\"column\" data-e-type=\"column\">\n\t\t\t<div class=\"elementor-widget-wrap elementor-element-populated\">\n\t\t\t\t\t\t<div class=\"elementor-element elementor-element-068c960 elementor-widget elementor-widget-heading\" data-id=\"068c960\" data-element_type=\"widget\" data-e-type=\"widget\" data-widget_type=\"heading.default\">\n\t\t\t\t<div class=\"elementor-widget-container\">\n\t\t\t\t\t<h2 class=\"elementor-heading-title elementor-size-default\">Location de salle<\/h2>\t\t\t\t<\/div>\n\t\t\t\t<\/div>\n\t\t\t\t<div class=\"elementor-element elementor-element-134a75c elementor-widget elementor-widget-text-editor\" data-id=\"134a75c\" data-element_type=\"widget\" data-e-type=\"widget\" data-widget_type=\"text-editor.default\">\n\t\t\t\t<div class=\"elementor-widget-container\">\n\t\t\t\t\t\t\t\t\t<p>Location de salle de r\u00e9ception avec ou sans traiteur (mariage, f\u00eates de familles, s\u00e9minaires, etc.). Possibilit\u00e9 \u00e0 la journ\u00e9e ou forfait week-end avec privatisation du domaine.<\/p><p>Contactez-nous pour obtenir un devis par t\u00e9l\u00e9phone au <a style=\"font-weight: bold;\" href=\"tel:0662530786\">06.62.53.07.86<\/a> ou par mail : <a style=\"font-weight: bold;\" href=\"mailto:moulin.boulede@gmail.com\">moulin.boulede@gmail.com<\/a>.<\/p>\t\t\t\t\t\t\t\t<\/div>\n\t\t\t\t<\/div>\n\t\t\t\t<div class=\"elementor-element elementor-element-1ad1e68 elementor-widget elementor-widget-shortcode\" data-id=\"1ad1e68\" data-element_type=\"widget\" data-e-type=\"widget\" data-widget_type=\"shortcode.default\">\n\t\t\t\t<div class=\"elementor-widget-container\">\n\t\t\t\t\t\t\t<div class=\"elementor-shortcode\"><\/div>\n\t\t\t\t\t\t<\/div>\n\t\t\t\t<\/div>\n\t\t\t\t\t<\/div>\n\t\t<\/div>\n\t\t\t\t\t<\/div>\n\t\t<\/section>\n\t\t\t\t<\/div>\n\t\t","protected":false},"excerpt":{"rendered":"<p>Location de salle Location de salle de r\u00e9ception avec ou sans traiteur (mariage, f\u00eates de familles, s\u00e9minaires, etc.). Possibilit\u00e9 \u00e0 la journ\u00e9e ou forfait week-end avec privatisation du domaine. Contactez-nous pour obtenir un devis par t\u00e9l\u00e9phone au 06.62.53.07.86 ou par mail : moulin.boulede@gmail.com.<\/p>\n","protected":false},"author":1,"featured_media":0,"parent":0,"menu_order":0,"comment_status":"closed","ping_status":"closed","template":"","meta":{"footnotes":""},"class_list":["post-582","page","type-page","status-publish","hentry"],"yoast_head":"<!-- This site is optimized with the Yoast SEO plugin v27.3 - https:\/\/yoast.com\/product\/yoast-seo-wordpress\/ -->\n<title>L&#039;\u00e9v\u00e9nementiel - Le Moulin de Boul\u00e8de<\/title>\n<meta name=\"robots\" content=\"index, follow, max-snippet:-1, max-image-preview:large, max-video-preview:-1\" \/>\n<link rel=\"canonical\" href=\"https:\/\/le-moulin-de-boulede.com\/index.php\/levenementiel\/\" \/>\n<meta property=\"og:locale\" content=\"fr_FR\" \/>\n<meta property=\"og:type\" content=\"article\" \/>\n<meta property=\"og:title\" content=\"L&#039;\u00e9v\u00e9nementiel - Le Moulin de Boul\u00e8de\" \/>\n<meta property=\"og:description\" content=\"Location de salle Location de salle de r\u00e9ception avec ou sans traiteur (mariage, f\u00eates de familles, s\u00e9minaires, etc.). Possibilit\u00e9 \u00e0 la journ\u00e9e ou forfait week-end avec privatisation du domaine. Contactez-nous pour obtenir un devis par t\u00e9l\u00e9phone au 06.62.53.07.86 ou par mail : moulin.boulede@gmail.com.\" \/>\n<meta property=\"og:url\" content=\"https:\/\/le-moulin-de-boulede.com\/index.php\/levenementiel\/\" \/>\n<meta property=\"og:site_name\" content=\"Le Moulin de Boul\u00e8de\" \/>\n<meta property=\"article:modified_time\" content=\"2024-06-14T12:03:13+00:00\" \/>\n<meta name=\"twitter:card\" content=\"summary_large_image\" \/>\n<meta name=\"twitter:label1\" content=\"Dur\u00e9e de lecture estim\u00e9e\" \/>\n\t<meta name=\"twitter:data1\" content=\"1 minute\" \/>\n<script type=\"application\/ld+json\" class=\"yoast-schema-graph\">{\"@context\":\"https:\\\/\\\/schema.org\",\"@graph\":[{\"@type\":\"WebPage\",\"@id\":\"https:\\\/\\\/le-moulin-de-boulede.com\\\/index.php\\\/levenementiel\\\/\",\"url\":\"https:\\\/\\\/le-moulin-de-boulede.com\\\/index.php\\\/levenementiel\\\/\",\"name\":\"L'\u00e9v\u00e9nementiel - Le Moulin de Boul\u00e8de\",\"isPartOf\":{\"@id\":\"https:\\\/\\\/le-moulin-de-boulede.com\\\/#website\"},\"datePublished\":\"2024-06-14T12:01:28+00:00\",\"dateModified\":\"2024-06-14T12:03:13+00:00\",\"breadcrumb\":{\"@id\":\"https:\\\/\\\/le-moulin-de-boulede.com\\\/index.php\\\/levenementiel\\\/#breadcrumb\"},\"inLanguage\":\"fr-FR\",\"potentialAction\":[{\"@type\":\"ReadAction\",\"target\":[\"https:\\\/\\\/le-moulin-de-boulede.com\\\/index.php\\\/levenementiel\\\/\"]}]},{\"@type\":\"BreadcrumbList\",\"@id\":\"https:\\\/\\\/le-moulin-de-boulede.com\\\/index.php\\\/levenementiel\\\/#breadcrumb\",\"itemListElement\":[{\"@type\":\"ListItem\",\"position\":1,\"name\":\"Accueil\",\"item\":\"https:\\\/\\\/le-moulin-de-boulede.com\\\/\"},{\"@type\":\"ListItem\",\"position\":2,\"name\":\"L&rsquo;\u00e9v\u00e9nementiel\"}]},{\"@type\":\"WebSite\",\"@id\":\"https:\\\/\\\/le-moulin-de-boulede.com\\\/#website\",\"url\":\"https:\\\/\\\/le-moulin-de-boulede.com\\\/\",\"name\":\"Le Moulin De Boulede\",\"description\":\"Manger, dormir, r\u00eaver...\",\"potentialAction\":[{\"@type\":\"SearchAction\",\"target\":{\"@type\":\"EntryPoint\",\"urlTemplate\":\"https:\\\/\\\/le-moulin-de-boulede.com\\\/?s={search_term_string}\"},\"query-input\":{\"@type\":\"PropertyValueSpecification\",\"valueRequired\":true,\"valueName\":\"search_term_string\"}}],\"inLanguage\":\"fr-FR\"}]}<\/script>\n<!-- \/ Yoast SEO plugin. -->","yoast_head_json":{"title":"L'\u00e9v\u00e9nementiel - Le Moulin de Boul\u00e8de","robots":{"index":"index","follow":"follow","max-snippet":"max-snippet:-1","max-image-preview":"max-image-preview:large","max-video-preview":"max-video-preview:-1"},"canonical":"https:\/\/le-moulin-de-boulede.com\/index.php\/levenementiel\/","og_locale":"fr_FR","og_type":"article","og_title":"L'\u00e9v\u00e9nementiel - Le Moulin de Boul\u00e8de","og_description":"Location de salle Location de salle de r\u00e9ception avec ou sans traiteur (mariage, f\u00eates de familles, s\u00e9minaires, etc.). Possibilit\u00e9 \u00e0 la journ\u00e9e ou forfait week-end avec privatisation du domaine. Contactez-nous pour obtenir un devis par t\u00e9l\u00e9phone au 06.62.53.07.86 ou par mail : moulin.boulede@gmail.com.","og_url":"https:\/\/le-moulin-de-boulede.com\/index.php\/levenementiel\/","og_site_name":"Le Moulin de Boul\u00e8de","article_modified_time":"2024-06-14T12:03:13+00:00","twitter_card":"summary_large_image","twitter_misc":{"Dur\u00e9e de lecture estim\u00e9e":"1 minute"},"schema":{"@context":"https:\/\/schema.org","@graph":[{"@type":"WebPage","@id":"https:\/\/le-moulin-de-boulede.com\/index.php\/levenementiel\/","url":"https:\/\/le-moulin-de-boulede.com\/index.php\/levenementiel\/","name":"L'\u00e9v\u00e9nementiel - Le Moulin de Boul\u00e8de","isPartOf":{"@id":"https:\/\/le-moulin-de-boulede.com\/#website"},"datePublished":"2024-06-14T12:01:28+00:00","dateModified":"2024-06-14T12:03:13+00:00","breadcrumb":{"@id":"https:\/\/le-moulin-de-boulede.com\/index.php\/levenementiel\/#breadcrumb"},"inLanguage":"fr-FR","potentialAction":[{"@type":"ReadAction","target":["https:\/\/le-moulin-de-boulede.com\/index.php\/levenementiel\/"]}]},{"@type":"BreadcrumbList","@id":"https:\/\/le-moulin-de-boulede.com\/index.php\/levenementiel\/#breadcrumb","itemListElement":[{"@type":"ListItem","position":1,"name":"Accueil","item":"https:\/\/le-moulin-de-boulede.com\/"},{"@type":"ListItem","position":2,"name":"L&rsquo;\u00e9v\u00e9nementiel"}]},{"@type":"WebSite","@id":"https:\/\/le-moulin-de-boulede.com\/#website","url":"https:\/\/le-moulin-de-boulede.com\/","name":"Le Moulin De Boulede","description":"Manger, dormir, r\u00eaver...","potentialAction":[{"@type":"SearchAction","target":{"@type":"EntryPoint","urlTemplate":"https:\/\/le-moulin-de-boulede.com\/?s={search_term_string}"},"query-input":{"@type":"PropertyValueSpecification","valueRequired":true,"valueName":"search_term_string"}}],"inLanguage":"fr-FR"}]}},"_links":{"self":[{"href":"https:\/\/le-moulin-de-boulede.com\/index.php\/wp-json\/wp\/v2\/pages\/582","targetHints":{"allow":["GET"]}}],"collection":[{"href":"https:\/\/le-moulin-de-boulede.com\/index.php\/wp-json\/wp\/v2\/pages"}],"about":[{"href":"https:\/\/le-moulin-de-boulede.com\/index.php\/wp-json\/wp\/v2\/types\/page"}],"author":[{"embeddable":true,"href":"https:\/\/le-moulin-de-boulede.com\/index.php\/wp-json\/wp\/v2\/users\/1"}],"replies":[{"embeddable":true,"href":"https:\/\/le-moulin-de-boulede.com\/index.php\/wp-json\/wp\/v2\/comments?post=582"}],"version-history":[{"count":5,"href":"https:\/\/le-moulin-de-boulede.com\/index.php\/wp-json\/wp\/v2\/pages\/582\/revisions"}],"predecessor-version":[{"id":591,"href":"https:\/\/le-moulin-de-boulede.com\/index.php\/wp-json\/wp\/v2\/pages\/582\/revisions\/591"}],"wp:attachment":[{"href":"https:\/\/le-moulin-de-boulede.com\/index.php\/wp-json\/wp\/v2\/media?parent=582"}],"curies":[{"name":"wp","href":"https:\/\/api.w.org\/{rel}","templated":true}]}}